{"id":50,"date":"2024-08-09T18:19:03","date_gmt":"2024-08-09T16:19:03","guid":{"rendered":"https:\/\/www.chassieu-athle.fr\/wordpress\/?page_id=50"},"modified":"2026-08-25T21:59:21","modified_gmt":"2026-08-25T19:59:21","slug":"le-club","status":"publish","type":"page","link":"https:\/\/www.chassieu-athle.fr\/wordpress\/index.php\/le-club\/","title":{"rendered":"Le Club"},"content":{"rendered":"\n<h2 class=\"wp-block-heading\">Coordonn\u00e9es<\/h2>\n\n\n\n<p class=\"wp-block-paragraph\">Complexe Sportif Romain Tisserand<br>Chemin du Tr\u00eave<br>69680 CHASSIEU<br>chassieuathle @ gmail.com<\/p>\n\n\n\n<iframe src=\"https:\/\/www.google.com\/maps\/embed?pb=!1m18!1m12!1m3!1d2784.88702084082!2d4.972676676449114!3d45.73336051543933!2m3!1f0!2f0!3f0!3m2!1i1024!2i768!4f13.1!3m3!1m2!1s0x47f4c6be011e2d63%3A0x38b4c36d660098ad!2sComplexe%20Romain%20Tisserand!5e0!3m2!1sfr!2sfr!4v1723280658159!5m2!1sfr!2sfr\" width=\"600\" height=\"450\" style=\"border:0;\" allowfullscreen=\"\" loading=\"lazy\" referrerpolicy=\"no-referrer-when-downgrade\"><\/iframe>\n\n\n\n<h4 class=\"wp-block-heading\">HORAIRES 2026\/2027<\/h4>\n\n\n\n<figure class=\"wp-block-table\"><table class=\"has-fixed-layout\"><tbody><tr><td><strong>Eve<\/strong>i<strong>ls<\/strong> (2018 et 2019)<\/td><td>mercredi 16h30 \u00e0 18h<\/td><\/tr><tr><td><strong>Poussins<\/strong> (2016 et 2017)<\/td><td>samedi 10h \u00e0 12h<\/td><\/tr><tr><td><strong>Benjamins<\/strong> (2014 et 2015)<\/td><td>mercredi 18h \u00e0 20h et<br>samedi 10h \u00e0 12h<\/td><\/tr><tr><td><strong>Minimes et Cadets<\/strong> (2010 \u00e0 2013) _ hors comp\u00e9tition<\/td><td>mardi 18h30 \u00e0 20h et<br>jeudi 18h30 \u00e0 20h<\/td><\/tr><tr><td><strong>Minimes et Cadets<\/strong> (2010 \u00e0 2013) _ comp\u00e9tition<\/td><td>lundi \/ mercredi \/ vendredi <br>18h \u00e0 20h<\/td><\/tr><tr><td><strong>Comp\u00e9titions demi-fond <\/strong>(cadets \/ Juniors \/ Espoirs)<\/td><td>Cr\u00e9neaux multiples &#8211; <br>se rapprocher du club<\/td><\/tr><tr><td><strong>Sprint \/ Concours sauts<\/strong><br>(\u00e0 partir de cadets)<\/td><td>Se rapprocher du club de D\u00e9cines Meyzieu Athl\u00e9tisme<\/td><\/tr><tr><td><strong>Demi-fond \/ Hors stade <\/strong>(s\u00e9niors et masters)<\/td><td>avec coaching mardi 18h30 \u00e0 20h et samedi 10h \u00e0 12h<br>+ cr\u00e9neaux d&#8217;ouverture de la piste<\/td><\/tr><tr><td><strong>Concours lancers<\/strong> (\u00e0 partir de cadets)<\/td><td>Cr\u00e9neaux multiples &#8211; <br>se rapprocher du club<\/td><\/tr><\/tbody><\/table><\/figure>\n\n\n\n<figure class=\"wp-block-table\"><table class=\"has-fixed-layout\"><tbody><tr><td>Bureau<\/td><td>Pr\u00e9sident: Yves Masson<br>Vice-pr\u00e9sident : Cl\u00e9ment Villars<br>Tr\u00e9sori\u00e8re: Carole Bonche<br>Tr\u00e9sori\u00e8re adjointe : Delphine Pauty<br>Secr\u00e9taire: Floriane Sicart<br>Secr\u00e9taire adjoint : S\u00e9bastien Destouches<\/td><\/tr><tr><td>Membres du bureau<\/td><td>Roland Bourgey<br>Claire Roux dit Riche<\/td><\/tr><tr><td>Entraineurs<\/td><td>Jean-Michel Bazin<br>Carole Bonche<br>S\u00e9bastien Destouches<br>Yves Masson<br>Ga\u00eblle Mezzapelle<br>Camille Roux dit Riche<br>Cl\u00e9ment Villars<br>Salah Zereg<\/td><\/tr><tr><td>Juges<\/td><td>Roland Bourgey<br>S\u00e9bastien Destouches<br>Caroline Fendrich<br>Camille Roux dit Riche<br>Claire Roux dit Riche<br>Floriane Sicart<br>Alix Villars<br>Arthur Villars<br>Astrid Villars<br>Cl\u00e9ment Villars<\/td><\/tr><tr><td>Responsable 10km \/ Heure sur piste<\/td><td>Carole Bonche<br>Evelyne Decullier<br>Cl\u00e9ment Villars<\/td><\/tr><\/tbody><\/table><\/figure>\n\n\n\n<h2 class=\"wp-block-heading\">Nos Records <\/h2>\n\n\n\n<div class=\"wp-block-file\"><a id=\"wp-block-file--media-c605aec5-9c87-42ee-b55f-3253a999ac81\" href=\"http:\/\/www.chassieu-athle.fr\/wordpress\/wp-content\/uploads\/2024\/08\/RecordsClubChassieu-3.xlsx\">RecordsClubChassieu (3)<\/a><a href=\"http:\/\/www.chassieu-athle.fr\/wordpress\/wp-content\/uploads\/2024\/08\/RecordsClubChassieu-3.xlsx\" class=\"wp-block-file__button wp-element-button\" download aria-describedby=\"wp-block-file--media-c605aec5-9c87-42ee-b55f-3253a999ac81\">T\u00e9l\u00e9charger<\/a><\/div>\n\n\n\n<p class=\"wp-block-paragraph\">A VENIR<\/p>\n","protected":false},"excerpt":{"rendered":"<p>Coordonn\u00e9es Complexe Sportif Romain TisserandChemin du Tr\u00eave69680 CHASSIEUchassieuathle @ gmail.com HORAIRES 2026\/2027 Eveils (2018 et 2019) mercredi 16h30 \u00e0 18h Poussins (2016 et 2017) samedi 10h \u00e0 12h Benjamins (2014 et 2015) mercredi 18h \u00e0 20h etsamedi 10h \u00e0 12h Minimes et Cadets (2010 \u00e0 2013) _ hors comp\u00e9tition mardi 18h30 \u00e0 20h etjeudi 18h30 &hellip; <a href=\"https:\/\/www.chassieu-athle.fr\/wordpress\/index.php\/le-club\/\" class=\"more-link\">Continue reading <span class=\"screen-reader-text\">Le Club<\/span> <span class=\"meta-nav\">&rarr;<\/span><\/a><\/p>\n","protected":false},"author":1,"featured_media":0,"parent":0,"menu_order":0,"comment_status":"closed","ping_status":"closed","template":"","meta":{"_price":"","_stock":"","_tribe_ticket_header":"","_tribe_default_ticket_provider":"","_tribe_ticket_capacity":"0","_ticket_start_date":"","_ticket_end_date":"","_tribe_ticket_show_description":"","_tribe_ticket_show_not_going":false,"_tribe_ticket_use_global_stock":"","_tribe_ticket_global_stock_level":"","_global_stock_mode":"","_global_stock_cap":"","_tribe_rsvp_for_event":"","_tribe_ticket_going_count":"","_tribe_ticket_not_going_count":"","_tribe_tickets_list":"[]","_tribe_ticket_has_attendee_info_fields":false,"footnotes":"","_tec_slr_enabled":"","_tec_slr_layout":""},"class_list":["post-50","page","type-page","status-publish","hentry"],"ticketed":false,"_links":{"self":[{"href":"https:\/\/www.chassieu-athle.fr\/wordpress\/index.php\/wp-json\/wp\/v2\/pages\/50","targetHints":{"allow":["GET"]}}],"collection":[{"href":"https:\/\/www.chassieu-athle.fr\/wordpress\/index.php\/wp-json\/wp\/v2\/pages"}],"about":[{"href":"https:\/\/www.chassieu-athle.fr\/wordpress\/index.php\/wp-json\/wp\/v2\/types\/page"}],"author":[{"embeddable":true,"href":"https:\/\/www.chassieu-athle.fr\/wordpress\/index.php\/wp-json\/wp\/v2\/users\/1"}],"replies":[{"embeddable":true,"href":"https:\/\/www.chassieu-athle.fr\/wordpress\/index.php\/wp-json\/wp\/v2\/comments?post=50"}],"version-history":[{"count":26,"href":"https:\/\/www.chassieu-athle.fr\/wordpress\/index.php\/wp-json\/wp\/v2\/pages\/50\/revisions"}],"predecessor-version":[{"id":890,"href":"https:\/\/www.chassieu-athle.fr\/wordpress\/index.php\/wp-json\/wp\/v2\/pages\/50\/revisions\/890"}],"wp:attachment":[{"href":"https:\/\/www.chassieu-athle.fr\/wordpress\/index.php\/wp-json\/wp\/v2\/media?parent=50"}],"curies":[{"name":"wp","href":"https:\/\/api.w.org\/{rel}","templated":true}]}}